{"id":48855,"date":"2024-02-01T08:42:51","date_gmt":"2024-02-01T07:42:51","guid":{"rendered":"https:\/\/www.votre-chateau-de-famille.com\/?post_type=chateau&amp;p=48855"},"modified":"2024-02-01T08:42:51","modified_gmt":"2024-02-01T07:42:51","slug":"chateau-des-artistes","status":"publish","type":"chateau","link":"https:\/\/vcf.contech-connect.com\/index.php\/chateau\/chateau-des-artistes\/","title":{"rendered":"Ch\u00e2teau des Artistes"},"content":{"rendered":"<p>Le Ch\u00e2teau des Artistes est une somptueuse r\u00e9sidence en pierres noires nich\u00e9e sur un \u00e9peron rocheux. Le splendide ch\u00e2teau du XIIIe si\u00e8cle offre une vue exceptionnelle sur la cha\u00eene des Alpes. Nich\u00e9 en Ard\u00e8che, dans la r\u00e9gion Rh\u00f4ne-Alpes, \u00e0 quelques kilom\u00e8tres de Privas et \u00e0 35 min de Valence, cet \u00e9difice majestueux poss\u00e8de un charme intemporel impr\u00e9gn\u00e9 d&rsquo;histoire. Surplombant la b\u00e2tisse, la piscine offre une vue imprenable sur un jardin \u00e0 la fran\u00e7aise qui s&rsquo;accroche aux flancs du ch\u00e2teau.<\/p>\n<p>Avec ses nombreuses chambres, dont la plupart \u00e9quip\u00e9e d&rsquo;une salle de bain priv\u00e9e, le ch\u00e2teau peut accueillir confortablement jusqu&rsquo;\u00e0 20 personnes. L&rsquo;endroit se pr\u00eate parfaitement \u00e0 des vacances en famille ou entre amis, offrant une combinaison unique de charme, de confort et d&rsquo;intimit\u00e9 pour cr\u00e9er des souvenirs inoubliables. V\u00e9ritable havre d&rsquo;inspiration artistique, chaque d\u00e9tail contribue \u00e0 une exp\u00e9rience exceptionnelle.<\/p>\n","protected":false},"featured_media":70346,"comment_status":"closed","ping_status":"closed","template":"","regions":[],"usages":[],"class_list":["post-48855","chateau","type-chateau","status-publish","has-post-thumbnail","hentry"],"acf":{"latitude":"44.69437","longitude":"4.61721","coordonnees":null,"nombre_de_couchages":"20","surface":"","nombres_d_invites":"20","description_courte":"Le ch\u00e2teau des Artistes, \u00e0 15min de Privas, \u00e0 louer pour des s\u00e9jours en famille ou entre amis, 20 personnes et 2 enfants, peuvent y s\u00e9journer confortablement.","piscine":true,"tennis":false,"espace_bien-etre":false,"salle_de_cinema":false,"service_plus":false,"seminaires":false,"position":99,"nombre_de_chambres":"","id_avis_bo":""},"_links":{"self":[{"href":"https:\/\/vcf.contech-connect.com\/index.php\/wp-json\/wp\/v2\/chateau\/48855","targetHints":{"allow":["GET"]}}],"collection":[{"href":"https:\/\/vcf.contech-connect.com\/index.php\/wp-json\/wp\/v2\/chateau"}],"about":[{"href":"https:\/\/vcf.contech-connect.com\/index.php\/wp-json\/wp\/v2\/types\/chateau"}],"replies":[{"embeddable":true,"href":"https:\/\/vcf.contech-connect.com\/index.php\/wp-json\/wp\/v2\/comments?post=48855"}],"wp:attachment":[{"href":"https:\/\/vcf.contech-connect.com\/index.php\/wp-json\/wp\/v2\/media?parent=48855"}],"wp:term":[{"taxonomy":"regions","embeddable":true,"href":"https:\/\/vcf.contech-connect.com\/index.php\/wp-json\/wp\/v2\/regions?post=48855"},{"taxonomy":"usages","embeddable":true,"href":"https:\/\/vcf.contech-connect.com\/index.php\/wp-json\/wp\/v2\/usages?post=48855"}],"curies":[{"name":"wp","href":"https:\/\/api.w.org\/{rel}","templated":true}]}}