{"id":73213,"date":"2026-03-31T11:19:20","date_gmt":"2026-03-31T09:19:20","guid":{"rendered":"https:\/\/www.votre-chateau-de-famille.com\/?post_type=chateau&#038;p=73213"},"modified":"2026-06-23T12:54:02","modified_gmt":"2026-06-23T12:54:02","slug":"chateau-du-belvedere-de-vezelay","status":"publish","type":"chateau","link":"https:\/\/vcf.contech-connect.com\/index.php\/chateau\/chateau-du-belvedere-de-vezelay\/","title":{"rendered":"Ch\u00e2teau du Belv\u00e9d\u00e8re de V\u00e9zelay"},"content":{"rendered":"<div>\n<div class=\"standard-markdown grid-cols-1 grid [&amp;_&gt;_*]:min-w-0 gap-3\">\n<p class=\"font-claude-response-body break-words whitespace-normal leading-[1.7]\">\u00c0 seulement <strong>7\u00a0minutes de V\u00e9zelay et 3h de Paris<\/strong>, le <strong>Ch\u00e2teau du Belv\u00e9d\u00e8re de V\u00e9zelay\u00a0<\/strong>est l&rsquo;une des plus belles locations de ch\u00e2teau en Bourgogne. Un lieu d&rsquo;exception \u00e0 privatiser en famille, entre amis ou pour un mariage. Nich\u00e9 dans le village de Tharoiseau, au c\u0153ur de l&rsquo;Yonne, ce domaine de <strong>4,5 hectares<\/strong> allie architecture historique, confort g\u00e9n\u00e9reux et nature pr\u00e9serv\u00e9e. La basilique de V\u00e9zelay, class\u00e9e \u00e0 l&rsquo;UNESCO, est \u00e0 deux pas.<\/p>\n<\/div>\n<\/div>\n<div>\n<div class=\"standard-markdown grid-cols-1 grid [&amp;_&gt;_*]:min-w-0 gap-3\">\n<p class=\"font-claude-response-body break-words whitespace-normal leading-[1.7]\">Le ch\u00e2teau d\u00e9ploie <strong>1 400 m\u00b2 habitables<\/strong> sur 4 niveaux. Il propose jusqu&rsquo;\u00e0 <strong>30 couchages dans 15 chambres<\/strong>, toutes dot\u00e9es d&rsquo;une salle d&rsquo;eau ou salle de bain. Les espaces de vie sont vastes et g\u00e9n\u00e9reux : <strong>grand salon, salon de musique, salle de billard, biblioth\u00e8que et cuisine professionnelle<\/strong>. Une atmosph\u00e8re chaleureuse, authentique et hors du temps.<\/p>\n<p class=\"font-claude-response-body break-words whitespace-normal leading-[1.7]\"><strong>Le domaine est aussi viticole<\/strong>. <strong>Son parc arbor\u00e9 d&rsquo;1,5 ha est enti\u00e8rement clos<\/strong>. Il comprend <strong>une piscine chauff\u00e9e s\u00e9curis\u00e9e, un tennis priv\u00e9 et un boulodrome<\/strong>. L&rsquo;<strong>orangerie<\/strong> accueille jusqu&rsquo;\u00e0 <strong>50 personnes<\/strong> en r\u00e9ception. Pour les mariages et grands \u00e9v\u00e9nements, le ch\u00e2teau peut recevoir jusqu&rsquo;\u00e0 <strong>150 invit\u00e9s<\/strong> sous chapiteau.<\/p>\n<\/div>\n<\/div>\n","protected":false},"featured_media":21069,"comment_status":"closed","ping_status":"closed","template":"","regions":[10],"usages":[8,5,7],"class_list":["post-73213","chateau","type-chateau","status-publish","has-post-thumbnail","hentry","regions-auvergne-rhone-alpes","usages-mariages","usages-vacances","usages-weekends"],"acf":{"latitude":"47.463243","longitude":"3.804336","coordonnees":null,"nombre_de_couchages":"30","surface":"","nombres_d_invites":"150","description_courte":"\u00c0 7 minutes de V\u00e9zelay et moins de 3h de Paris, le Ch\u00e2teau du Belv\u00e9d\u00e8re de V\u00e9zelay est un domaine bourguignon de 4,5 hectares \u00e0 privatiser en famille, entre amis ou pour un mariage. Jusqu'\u00e0 150 invit\u00e9s pour vos plus grandes c\u00e9l\u00e9brations.","piscine":true,"tennis":true,"espace_bien-etre":false,"salle_de_cinema":false,"service_plus":false,"seminaires":false,"position":10,"nombre_de_chambres":"","id_avis_bo":""},"_links":{"self":[{"href":"https:\/\/vcf.contech-connect.com\/index.php\/wp-json\/wp\/v2\/chateau\/73213","targetHints":{"allow":["GET"]}}],"collection":[{"href":"https:\/\/vcf.contech-connect.com\/index.php\/wp-json\/wp\/v2\/chateau"}],"about":[{"href":"https:\/\/vcf.contech-connect.com\/index.php\/wp-json\/wp\/v2\/types\/chateau"}],"replies":[{"embeddable":true,"href":"https:\/\/vcf.contech-connect.com\/index.php\/wp-json\/wp\/v2\/comments?post=73213"}],"wp:attachment":[{"href":"https:\/\/vcf.contech-connect.com\/index.php\/wp-json\/wp\/v2\/media?parent=73213"}],"wp:term":[{"taxonomy":"regions","embeddable":true,"href":"https:\/\/vcf.contech-connect.com\/index.php\/wp-json\/wp\/v2\/regions?post=73213"},{"taxonomy":"usages","embeddable":true,"href":"https:\/\/vcf.contech-connect.com\/index.php\/wp-json\/wp\/v2\/usages?post=73213"}],"curies":[{"name":"wp","href":"https:\/\/api.w.org\/{rel}","templated":true}]}}